{"id":517,"date":"2017-09-11T16:50:22","date_gmt":"2017-09-11T14:50:22","guid":{"rendered":"http:\/\/www.scrittoriegiovani.it\/public\/?page_id=517"},"modified":"2017-10-09T16:40:31","modified_gmt":"2017-10-09T14:40:31","slug":"edizione-2017-la-ricerca","status":"publish","type":"page","link":"https:\/\/www.scrittoriegiovani.it\/public\/edizione-2017-la-ricerca\/","title":{"rendered":"Edizione 2017 &#8220;la ricerca&#8221;"},"content":{"rendered":"<p><strong>L&#8217;edizione 2017<\/strong> del festival internazionale della letteratura <strong>&#8220;Scrittori&amp;Giovani&#8221;<\/strong> si terr\u00e0 da gioved\u00ec 16 a sabato 25 novembre e avr\u00e0 come tema <strong>&#8220;la ricerca&#8221;<\/strong>. Protagonisti tanto gli studenti delle scuole novaresi e della provincia tanto gli scrittori che saranno ospiti della manifestazione.<\/p>\n<p>10 giorni a base di cultura aperti da un&#8217;apposita cerimonia, con invece, in chiusura,<strong> l&#8217;apprezzato bookcrossing all&#8217;aperto all&#8217;Angolo delle Ore<\/strong>, come da tradizione per quanto riguarda le ultime edizioni. Il programma completo, che sar\u00e0 presto pubblicato, prevede la partecipazione di numerosi ospiti, e grazie a eventi nelle ore pomeridiane il destinatario sar\u00e0<strong> chiunque sia interessato<\/strong>, a prescindere dal fatto che frequenti o meno una scuola.<\/p>\n<p style=\"text-align: center;\">\n","protected":false},"excerpt":{"rendered":"<p>L&#8217;edizione 2017 del festival internazionale della letteratura &#8220;Scrittori&amp;Giovani&#8221; si terr\u00e0 da gioved\u00ec 16 a sabato 25 novembre e avr\u00e0 come tema &#8220;la ricerca&#8221;. Protagonisti tanto gli studenti delle scuole novaresi e della provincia tanto gli scrittori che saranno ospiti della manifestazione. 10 giorni a base di cultura aperti da un&#8217;apposita cerimonia, con invece, in chiusura, [&hellip;]<\/p>\n","protected":false},"author":1,"featured_media":0,"parent":0,"menu_order":0,"comment_status":"open","ping_status":"closed","template":"","meta":{"spay_email":""},"yoast_head":"<!-- This site is optimized with the Yoast SEO plugin v15.1.1 - https:\/\/yoast.com\/wordpress\/plugins\/seo\/ -->\r\n<meta name=\"robots\" content=\"index, follow, max-snippet:-1, max-image-preview:large, max-video-preview:-1\" \/>\r\n<link rel=\"canonical\" href=\"https:\/\/www.scrittoriegiovani.it\/public\/edizione-2017-la-ricerca\/\" \/>\r\n<meta property=\"og:locale\" content=\"it_IT\" \/>\r\n<meta property=\"og:type\" content=\"article\" \/>\r\n<meta property=\"og:title\" content=\"Edizione 2017 &quot;la ricerca&quot; - Scrittori&amp;giovani\" \/>\r\n<meta property=\"og:description\" content=\"L&#8217;edizione 2017 del festival internazionale della letteratura &#8220;Scrittori&amp;Giovani&#8221; si terr\u00e0 da gioved\u00ec 16 a sabato 25 novembre e avr\u00e0 come tema &#8220;la ricerca&#8221;. Protagonisti tanto gli studenti delle scuole novaresi e della provincia tanto gli scrittori che saranno ospiti della manifestazione. 10 giorni a base di cultura aperti da un&#8217;apposita cerimonia, con invece, in chiusura, [&hellip;]\" \/>\r\n<meta property=\"og:url\" content=\"https:\/\/www.scrittoriegiovani.it\/public\/edizione-2017-la-ricerca\/\" \/>\r\n<meta property=\"og:site_name\" content=\"Scrittori&amp;giovani\" \/>\r\n<meta property=\"article:modified_time\" content=\"2017-10-09T14:40:31+00:00\" \/>\r\n<meta name=\"twitter:card\" content=\"summary_large_image\" \/>\r\n<script type=\"application\/ld+json\" class=\"yoast-schema-graph\">{\"@context\":\"https:\/\/schema.org\",\"@graph\":[{\"@type\":\"WebSite\",\"@id\":\"https:\/\/www.scrittoriegiovani.it\/public\/#website\",\"url\":\"https:\/\/www.scrittoriegiovani.it\/public\/\",\"name\":\"Scrittori&amp;giovani\",\"description\":\"Festival internazionale Novara e laghi\",\"potentialAction\":[{\"@type\":\"SearchAction\",\"target\":\"https:\/\/www.scrittoriegiovani.it\/public\/?s={search_term_string}\",\"query-input\":\"required name=search_term_string\"}],\"inLanguage\":\"it-IT\"},{\"@type\":\"WebPage\",\"@id\":\"https:\/\/www.scrittoriegiovani.it\/public\/edizione-2017-la-ricerca\/#webpage\",\"url\":\"https:\/\/www.scrittoriegiovani.it\/public\/edizione-2017-la-ricerca\/\",\"name\":\"Edizione 2017 \\\"la ricerca\\\" - Scrittori&amp;giovani\",\"isPartOf\":{\"@id\":\"https:\/\/www.scrittoriegiovani.it\/public\/#website\"},\"datePublished\":\"2017-09-11T14:50:22+00:00\",\"dateModified\":\"2017-10-09T14:40:31+00:00\",\"inLanguage\":\"it-IT\",\"potentialAction\":[{\"@type\":\"ReadAction\",\"target\":[\"https:\/\/www.scrittoriegiovani.it\/public\/edizione-2017-la-ricerca\/\"]}]}]}<\/script>\r\n<!-- \/ Yoast SEO plugin. -->","jetpack_sharing_enabled":true,"jetpack_shortlink":"https:\/\/wp.me\/P99Ih0-8l","jetpack-related-posts":[],"_links":{"self":[{"href":"https:\/\/www.scrittoriegiovani.it\/public\/wp-json\/wp\/v2\/pages\/517"}],"collection":[{"href":"https:\/\/www.scrittoriegiovani.it\/public\/wp-json\/wp\/v2\/pages"}],"about":[{"href":"https:\/\/www.scrittoriegiovani.it\/public\/wp-json\/wp\/v2\/types\/page"}],"author":[{"embeddable":true,"href":"https:\/\/www.scrittoriegiovani.it\/public\/wp-json\/wp\/v2\/users\/1"}],"replies":[{"embeddable":true,"href":"https:\/\/www.scrittoriegiovani.it\/public\/wp-json\/wp\/v2\/comments?post=517"}],"version-history":[{"count":7,"href":"https:\/\/www.scrittoriegiovani.it\/public\/wp-json\/wp\/v2\/pages\/517\/revisions"}],"predecessor-version":[{"id":594,"href":"https:\/\/www.scrittoriegiovani.it\/public\/wp-json\/wp\/v2\/pages\/517\/revisions\/594"}],"wp:attachment":[{"href":"https:\/\/www.scrittoriegiovani.it\/public\/wp-json\/wp\/v2\/media?parent=517"}],"curies":[{"name":"wp","href":"https:\/\/api.w.org\/{rel}","templated":true}]}}